{"id":2288,"date":"2021-12-07T08:22:14","date_gmt":"2021-12-07T08:22:14","guid":{"rendered":"https:\/\/chaletmyriam.com\/accommodation\/ferienwohnung-matterhorn\/"},"modified":"2021-12-07T08:22:15","modified_gmt":"2021-12-07T08:22:15","slug":"ferienwohnung-matterhorn","status":"publish","type":"mphb_room_type","link":"https:\/\/chaletmyriam.com\/de\/accommodation\/ferienwohnung-matterhorn\/","title":{"rendered":"Ferienwohnung Matterhorn"},"content":{"rendered":"<div class=\"vbroomimgdesc\">\n<div class=\"vikfx-gallery-container vikfx-roomdetails-gallery-container\">\n<div class=\"vikfx-gallery\">\n<p><b>1 voll ausgestattete Ferienwohnung in der zweiten Etage mit Platz f\u00fcr 8 Erwachsene und M\u00f6glichkeit f\u00fcr 2 weitere Personen auf einer Schlafcouch.<\/b><\/p>\n<p><b>3 Schlafzimmer \u2013 1 Wohnzimmer \u2013 8 Schlafgelegenheiten \u2013 3 B\u00e4der<\/b><\/p>\n<ul>\n<li aria-level=\"1\"><b>Schlafzimmer 1<\/b><span style=\"font-weight: 400;\">: 1 Doppelbett<\/span><\/li>\n<li aria-level=\"1\"><b>Schlafzimmer 2<\/b><span style=\"font-weight: 400;\">: 1 Doppelbett<\/span><\/li>\n<li aria-level=\"1\"><b>Schlafzimmer 3: <\/b><span style=\"font-weight: 400;\">1 Doppelstockbett<\/span><b> <\/b><span style=\"font-weight: 400;\">140&#215;200 cm<\/span> <span style=\"font-weight: 400;\">(4 Personen)<\/span><\/li>\n<li aria-level=\"1\"><b>Wohnzimmer:<\/b><span style=\"font-weight: 400;\">1 Schlafcouch 140&#215;200 cm<\/span><\/li>\n<\/ul>\n<ul>\n<li style=\"font-weight: 400;\" aria-level=\"1\"><span style=\"font-weight: 400;\">1 Bad, begehbare Dusche, doppeltes Waschbecken und Toilette<\/span><\/li>\n<li style=\"font-weight: 400;\" aria-level=\"1\"><span style=\"font-weight: 400;\">1 Badezimmer, begehbare Dusche, Waschbecken und Toilette<\/span><\/li>\n<li style=\"font-weight: 400;\" aria-level=\"1\"><span style=\"font-weight: 400;\">1 Dusche und Waschbecken im Hauptschlafzimmer<\/span><\/li>\n<li style=\"font-weight: 400;\" aria-level=\"1\"><span style=\"font-weight: 400;\">Waschmaschine\/Trockner<\/span><\/li>\n<\/ul>\n<ul>\n<li aria-level=\"1\"><b>M\u00f6glichkeit zur extra Anmietung:<\/b><\/li>\n<\/ul>\n<p><span style=\"font-weight: 400;\">Separates Schlafzimmer direkt neben dem Atelier mit Doppelbett 140 x 200 cm inkl. Duschraum\/Toilette.<\/span><\/p>\n<\/div>\n<\/div>\n<\/div>\n","protected":false},"excerpt":{"rendered":"<p>1 voll ausgestattete Ferienwohnung in der zweiten Etage mit Platz f\u00fcr 8 Erwachsene und M\u00f6glichkeit f\u00fcr 2 weitere Personen auf einer Schlafcouch. 3 Schlafzimmer \u2013 1 Wohnzimmer \u2013 8 Schlafgelegenheiten \u2013 3 B\u00e4der Schlafzimmer 1: 1 Doppelbett Schlafzimmer 2: 1 Doppelbett Schlafzimmer 3: 1 Doppelstockbett 140&#215;200 cm (4 Personen) Wohnzimmer:1 Schlafcouch 140&#215;200 cm 1 Bad, [&hellip;]<\/p>\n","protected":false},"featured_media":1830,"menu_order":0,"comment_status":"closed","ping_status":"closed","template":"","mphb_room_type_category":[],"mphb_room_type_tag":[],"mphb_room_type_facility":[68,66,67,69,65,70],"class_list":["post-2288","mphb_room_type","type-mphb_room_type","status-publish","has-post-thumbnail","hentry","mphb_room_type_facility-1-uberdachter-stellplatz","mphb_room_type_facility-beheizter-skiraum","mphb_room_type_facility-gemeinschaftsgarten","mphb_room_type_facility-sauna-de","mphb_room_type_facility-spielzimmer-mit-tv","mphb_room_type_facility-whirlpool","mphb-room-type-adults-8","mphb-room-type-children-7","has-taxes-and-fees"],"acf":[],"yoast_head":"<!-- This site is optimized with the Yoast SEO plugin v27.3 - https:\/\/yoast.com\/product\/yoast-seo-wordpress\/ -->\n<title>Ferienwohnung Matterhorn - Chalet Myriam<\/title>\n<meta name=\"robots\" content=\"index, follow, max-snippet:-1, max-image-preview:large, max-video-preview:-1\" \/>\n<link rel=\"canonical\" href=\"https:\/\/chaletmyriam.com\/de\/accommodation\/ferienwohnung-matterhorn\/\" \/>\n<meta property=\"og:locale\" content=\"de_DE\" \/>\n<meta property=\"og:type\" content=\"article\" \/>\n<meta property=\"og:title\" content=\"Ferienwohnung Matterhorn - Chalet Myriam\" \/>\n<meta property=\"og:description\" content=\"1 voll ausgestattete Ferienwohnung in der zweiten Etage mit Platz f\u00fcr 8 Erwachsene und M\u00f6glichkeit f\u00fcr 2 weitere Personen auf einer Schlafcouch. 3 Schlafzimmer \u2013 1 Wohnzimmer \u2013 8 Schlafgelegenheiten \u2013 3 B\u00e4der Schlafzimmer 1: 1 Doppelbett Schlafzimmer 2: 1 Doppelbett Schlafzimmer 3: 1 Doppelstockbett 140&#215;200 cm (4 Personen) Wohnzimmer:1 Schlafcouch 140&#215;200 cm 1 Bad, [&hellip;]\" \/>\n<meta property=\"og:url\" content=\"https:\/\/chaletmyriam.com\/de\/accommodation\/ferienwohnung-matterhorn\/\" \/>\n<meta property=\"og:site_name\" content=\"Chalet Myriam\" \/>\n<meta property=\"article:modified_time\" content=\"2021-12-07T08:22:15+00:00\" \/>\n<meta property=\"og:image\" content=\"https:\/\/chaletmyriam.com\/wp-content\/uploads\/2021\/03\/IMG_0137.jpg\" \/>\n\t<meta property=\"og:image:width\" content=\"1439\" \/>\n\t<meta property=\"og:image:height\" content=\"818\" \/>\n\t<meta property=\"og:image:type\" content=\"image\/jpeg\" \/>\n<meta name=\"twitter:card\" content=\"summary_large_image\" \/>\n<script type=\"application\/ld+json\" class=\"yoast-schema-graph\">{\"@context\":\"https:\\\/\\\/schema.org\",\"@graph\":[{\"@type\":\"WebPage\",\"@id\":\"https:\\\/\\\/chaletmyriam.com\\\/de\\\/accommodation\\\/ferienwohnung-matterhorn\\\/\",\"url\":\"https:\\\/\\\/chaletmyriam.com\\\/de\\\/accommodation\\\/ferienwohnung-matterhorn\\\/\",\"name\":\"Ferienwohnung Matterhorn - Chalet Myriam\",\"isPartOf\":{\"@id\":\"https:\\\/\\\/chaletmyriam.com\\\/de\\\/#website\"},\"primaryImageOfPage\":{\"@id\":\"https:\\\/\\\/chaletmyriam.com\\\/de\\\/accommodation\\\/ferienwohnung-matterhorn\\\/#primaryimage\"},\"image\":{\"@id\":\"https:\\\/\\\/chaletmyriam.com\\\/de\\\/accommodation\\\/ferienwohnung-matterhorn\\\/#primaryimage\"},\"thumbnailUrl\":\"https:\\\/\\\/chaletmyriam.com\\\/wp-content\\\/uploads\\\/2021\\\/03\\\/IMG_0137.jpg\",\"datePublished\":\"2021-12-07T08:22:14+00:00\",\"dateModified\":\"2021-12-07T08:22:15+00:00\",\"breadcrumb\":{\"@id\":\"https:\\\/\\\/chaletmyriam.com\\\/de\\\/accommodation\\\/ferienwohnung-matterhorn\\\/#breadcrumb\"},\"inLanguage\":\"de\",\"potentialAction\":[{\"@type\":\"ReadAction\",\"target\":[\"https:\\\/\\\/chaletmyriam.com\\\/de\\\/accommodation\\\/ferienwohnung-matterhorn\\\/\"]}]},{\"@type\":\"ImageObject\",\"inLanguage\":\"de\",\"@id\":\"https:\\\/\\\/chaletmyriam.com\\\/de\\\/accommodation\\\/ferienwohnung-matterhorn\\\/#primaryimage\",\"url\":\"https:\\\/\\\/chaletmyriam.com\\\/wp-content\\\/uploads\\\/2021\\\/03\\\/IMG_0137.jpg\",\"contentUrl\":\"https:\\\/\\\/chaletmyriam.com\\\/wp-content\\\/uploads\\\/2021\\\/03\\\/IMG_0137.jpg\",\"width\":1439,\"height\":818},{\"@type\":\"BreadcrumbList\",\"@id\":\"https:\\\/\\\/chaletmyriam.com\\\/de\\\/accommodation\\\/ferienwohnung-matterhorn\\\/#breadcrumb\",\"itemListElement\":[{\"@type\":\"ListItem\",\"position\":1,\"name\":\"Home\",\"item\":\"https:\\\/\\\/chaletmyriam.com\\\/de\\\/\"},{\"@type\":\"ListItem\",\"position\":2,\"name\":\"Unterkunftsarten\",\"item\":\"https:\\\/\\\/chaletmyriam.com\\\/de\\\/accommodation\\\/\"},{\"@type\":\"ListItem\",\"position\":3,\"name\":\"Ferienwohnung Matterhorn\"}]},{\"@type\":\"WebSite\",\"@id\":\"https:\\\/\\\/chaletmyriam.com\\\/de\\\/#website\",\"url\":\"https:\\\/\\\/chaletmyriam.com\\\/de\\\/\",\"name\":\"Chalet Myriam\",\"description\":\"Heerlijk genieten van de prachtige omgeving in het Zwitserse Gr\u00e4chen\",\"publisher\":{\"@id\":\"https:\\\/\\\/chaletmyriam.com\\\/de\\\/#organization\"},\"potentialAction\":[{\"@type\":\"SearchAction\",\"target\":{\"@type\":\"EntryPoint\",\"urlTemplate\":\"https:\\\/\\\/chaletmyriam.com\\\/de\\\/?s={search_term_string}\"},\"query-input\":{\"@type\":\"PropertyValueSpecification\",\"valueRequired\":true,\"valueName\":\"search_term_string\"}}],\"inLanguage\":\"de\"},{\"@type\":\"Organization\",\"@id\":\"https:\\\/\\\/chaletmyriam.com\\\/de\\\/#organization\",\"name\":\"Chalet Myriam\",\"url\":\"https:\\\/\\\/chaletmyriam.com\\\/de\\\/\",\"logo\":{\"@type\":\"ImageObject\",\"inLanguage\":\"de\",\"@id\":\"https:\\\/\\\/chaletmyriam.com\\\/de\\\/#\\\/schema\\\/logo\\\/image\\\/\",\"url\":\"https:\\\/\\\/chaletmyriam.com\\\/wp-content\\\/uploads\\\/2021\\\/03\\\/Logo-nieuw-.png\",\"contentUrl\":\"https:\\\/\\\/chaletmyriam.com\\\/wp-content\\\/uploads\\\/2021\\\/03\\\/Logo-nieuw-.png\",\"width\":320,\"height\":159,\"caption\":\"Chalet Myriam\"},\"image\":{\"@id\":\"https:\\\/\\\/chaletmyriam.com\\\/de\\\/#\\\/schema\\\/logo\\\/image\\\/\"}}]}<\/script>\n<!-- \/ Yoast SEO plugin. -->","yoast_head_json":{"title":"Ferienwohnung Matterhorn - Chalet Myriam","robots":{"index":"index","follow":"follow","max-snippet":"max-snippet:-1","max-image-preview":"max-image-preview:large","max-video-preview":"max-video-preview:-1"},"canonical":"https:\/\/chaletmyriam.com\/de\/accommodation\/ferienwohnung-matterhorn\/","og_locale":"de_DE","og_type":"article","og_title":"Ferienwohnung Matterhorn - Chalet Myriam","og_description":"1 voll ausgestattete Ferienwohnung in der zweiten Etage mit Platz f\u00fcr 8 Erwachsene und M\u00f6glichkeit f\u00fcr 2 weitere Personen auf einer Schlafcouch. 3 Schlafzimmer \u2013 1 Wohnzimmer \u2013 8 Schlafgelegenheiten \u2013 3 B\u00e4der Schlafzimmer 1: 1 Doppelbett Schlafzimmer 2: 1 Doppelbett Schlafzimmer 3: 1 Doppelstockbett 140&#215;200 cm (4 Personen) Wohnzimmer:1 Schlafcouch 140&#215;200 cm 1 Bad, [&hellip;]","og_url":"https:\/\/chaletmyriam.com\/de\/accommodation\/ferienwohnung-matterhorn\/","og_site_name":"Chalet Myriam","article_modified_time":"2021-12-07T08:22:15+00:00","og_image":[{"width":1439,"height":818,"url":"https:\/\/chaletmyriam.com\/wp-content\/uploads\/2021\/03\/IMG_0137.jpg","type":"image\/jpeg"}],"twitter_card":"summary_large_image","schema":{"@context":"https:\/\/schema.org","@graph":[{"@type":"WebPage","@id":"https:\/\/chaletmyriam.com\/de\/accommodation\/ferienwohnung-matterhorn\/","url":"https:\/\/chaletmyriam.com\/de\/accommodation\/ferienwohnung-matterhorn\/","name":"Ferienwohnung Matterhorn - Chalet Myriam","isPartOf":{"@id":"https:\/\/chaletmyriam.com\/de\/#website"},"primaryImageOfPage":{"@id":"https:\/\/chaletmyriam.com\/de\/accommodation\/ferienwohnung-matterhorn\/#primaryimage"},"image":{"@id":"https:\/\/chaletmyriam.com\/de\/accommodation\/ferienwohnung-matterhorn\/#primaryimage"},"thumbnailUrl":"https:\/\/chaletmyriam.com\/wp-content\/uploads\/2021\/03\/IMG_0137.jpg","datePublished":"2021-12-07T08:22:14+00:00","dateModified":"2021-12-07T08:22:15+00:00","breadcrumb":{"@id":"https:\/\/chaletmyriam.com\/de\/accommodation\/ferienwohnung-matterhorn\/#breadcrumb"},"inLanguage":"de","potentialAction":[{"@type":"ReadAction","target":["https:\/\/chaletmyriam.com\/de\/accommodation\/ferienwohnung-matterhorn\/"]}]},{"@type":"ImageObject","inLanguage":"de","@id":"https:\/\/chaletmyriam.com\/de\/accommodation\/ferienwohnung-matterhorn\/#primaryimage","url":"https:\/\/chaletmyriam.com\/wp-content\/uploads\/2021\/03\/IMG_0137.jpg","contentUrl":"https:\/\/chaletmyriam.com\/wp-content\/uploads\/2021\/03\/IMG_0137.jpg","width":1439,"height":818},{"@type":"BreadcrumbList","@id":"https:\/\/chaletmyriam.com\/de\/accommodation\/ferienwohnung-matterhorn\/#breadcrumb","itemListElement":[{"@type":"ListItem","position":1,"name":"Home","item":"https:\/\/chaletmyriam.com\/de\/"},{"@type":"ListItem","position":2,"name":"Unterkunftsarten","item":"https:\/\/chaletmyriam.com\/de\/accommodation\/"},{"@type":"ListItem","position":3,"name":"Ferienwohnung Matterhorn"}]},{"@type":"WebSite","@id":"https:\/\/chaletmyriam.com\/de\/#website","url":"https:\/\/chaletmyriam.com\/de\/","name":"Chalet Myriam","description":"Heerlijk genieten van de prachtige omgeving in het Zwitserse Gr\u00e4chen","publisher":{"@id":"https:\/\/chaletmyriam.com\/de\/#organization"},"potentialAction":[{"@type":"SearchAction","target":{"@type":"EntryPoint","urlTemplate":"https:\/\/chaletmyriam.com\/de\/?s={search_term_string}"},"query-input":{"@type":"PropertyValueSpecification","valueRequired":true,"valueName":"search_term_string"}}],"inLanguage":"de"},{"@type":"Organization","@id":"https:\/\/chaletmyriam.com\/de\/#organization","name":"Chalet Myriam","url":"https:\/\/chaletmyriam.com\/de\/","logo":{"@type":"ImageObject","inLanguage":"de","@id":"https:\/\/chaletmyriam.com\/de\/#\/schema\/logo\/image\/","url":"https:\/\/chaletmyriam.com\/wp-content\/uploads\/2021\/03\/Logo-nieuw-.png","contentUrl":"https:\/\/chaletmyriam.com\/wp-content\/uploads\/2021\/03\/Logo-nieuw-.png","width":320,"height":159,"caption":"Chalet Myriam"},"image":{"@id":"https:\/\/chaletmyriam.com\/de\/#\/schema\/logo\/image\/"}}]}},"_links":{"self":[{"href":"https:\/\/chaletmyriam.com\/de\/wp-json\/wp\/v2\/mphb_room_type\/2288","targetHints":{"allow":["GET"]}}],"collection":[{"href":"https:\/\/chaletmyriam.com\/de\/wp-json\/wp\/v2\/mphb_room_type"}],"about":[{"href":"https:\/\/chaletmyriam.com\/de\/wp-json\/wp\/v2\/types\/mphb_room_type"}],"replies":[{"embeddable":true,"href":"https:\/\/chaletmyriam.com\/de\/wp-json\/wp\/v2\/comments?post=2288"}],"wp:featuredmedia":[{"embeddable":true,"href":"https:\/\/chaletmyriam.com\/de\/wp-json\/wp\/v2\/media\/1830"}],"wp:attachment":[{"href":"https:\/\/chaletmyriam.com\/de\/wp-json\/wp\/v2\/media?parent=2288"}],"wp:term":[{"taxonomy":"mphb_room_type_category","embeddable":true,"href":"https:\/\/chaletmyriam.com\/de\/wp-json\/wp\/v2\/mphb_room_type_category?post=2288"},{"taxonomy":"mphb_room_type_tag","embeddable":true,"href":"https:\/\/chaletmyriam.com\/de\/wp-json\/wp\/v2\/mphb_room_type_tag?post=2288"},{"taxonomy":"mphb_room_type_facility","embeddable":true,"href":"https:\/\/chaletmyriam.com\/de\/wp-json\/wp\/v2\/mphb_room_type_facility?post=2288"}],"curies":[{"name":"wp","href":"https:\/\/api.w.org\/{rel}","templated":true}]}}